{"id":13102,"date":"2022-10-18T03:43:45","date_gmt":"2022-10-18T01:43:45","guid":{"rendered":"https:\/\/anetaprofessional.com\/se\/produkt\/sogne-xl-dim-vagglampa-svart\/"},"modified":"2026-03-24T02:49:02","modified_gmt":"2026-03-24T01:49:02","slug":"sogne-xl-dim-vagglampa-svart","status":"publish","type":"product","link":"https:\/\/anetaprofessional.com\/se\/produkt\/sogne-xl-dim-vagglampa-svart\/","title":{"rendered":"S\u00d8GNE XL dim v\u00e4gglampa"},"content":{"rendered":"<p>S\u00d8GNE-serien best\u00e5r av flera designv\u00e4ggar som kan monteras ensamma eller kombineras f\u00f6r ett helhetsintryck. S\u00d8GNE XL dim \u00e4r en vidareutveckling av S\u00d8GNE XL och \u00e4r nu dimbar och har (via en intern str\u00f6mbrytare) m\u00f6jlighet att v\u00e4lja ljusriktning (upp\/ner\/upp+ner). S\u00d8GNE XL har samma h\u00f6jd och djup som sin lillebror S\u00d8GNE, men \u00e4r bredare och ljusare! Installationsv\u00e4nlig f\u00f6r b\u00e5de \u00f6ppen och dold installation.<\/p>\n","protected":false},"excerpt":{"rendered":"<p>S\u00d8GNE-serien best\u00e5r av flera designv\u00e4ggar som kan monteras ensamma eller kombineras f\u00f6r ett helhetsintryck. S\u00d8GNE XL dim \u00e4r en vidareutveckling av S\u00d8GNE XL och \u00e4r nu dimbar och har (via en intern str\u00f6mbrytare) m\u00f6jlighet att v\u00e4lja ljusriktning (upp\/ner\/upp+ner). S\u00d8GNE XL har samma h\u00f6jd och djup som sin lillebror S\u00d8GNE, men \u00e4r bredare och ljusare! Installationsv\u00e4nlig f\u00f6r b\u00e5de \u00f6ppen och dold installation.<\/p>\n","protected":false},"featured_media":14467,"template":"","meta":{"_acf_changed":false,"inline_featured_image":false},"product_tag":[],"product_brand":[],"product_cat":[39166],"class_list":{"0":"post-13102","1":"product","2":"type-product","3":"status-publish","4":"has-post-thumbnail","6":"product_cat-professional-utelampor-professional","8":"first","9":"instock","10":"taxable","11":"shipping-taxable","12":"product-type-simple"},"acf":[],"yoast_head":"<!-- This site is optimized with the Yoast SEO plugin v27.3 - https:\/\/yoast.com\/product\/yoast-seo-wordpress\/ -->\n<title>S\u00d8GNE XL dim v\u00e4gglampa - Aneta Professional<\/title>\n<meta name=\"robots\" content=\"index, follow, max-snippet:-1, max-image-preview:large, max-video-preview:-1\" \/>\n<link rel=\"canonical\" href=\"https:\/\/anetaprofessional.com\/se\/produkt\/sogne-xl-dim-vagglampa-svart\/\" \/>\n<meta property=\"og:locale\" content=\"sv_SE\" \/>\n<meta property=\"og:type\" content=\"article\" \/>\n<meta property=\"og:title\" content=\"S\u00d8GNE XL dim v\u00e4gglampa - Aneta Professional\" \/>\n<meta property=\"og:description\" content=\"S\u00d8GNE-serien best\u00e5r av flera designv\u00e4ggar som kan monteras ensamma eller kombineras f\u00f6r ett helhetsintryck. S\u00d8GNE XL dim \u00e4r en vidareutveckling av S\u00d8GNE XL och \u00e4r nu dimbar och har (via en intern str\u00f6mbrytare) m\u00f6jlighet att v\u00e4lja ljusriktning (upp\/ner\/upp+ner). S\u00d8GNE XL har samma h\u00f6jd och djup som sin lillebror S\u00d8GNE, men \u00e4r bredare och ljusare! Installationsv\u00e4nlig f\u00f6r b\u00e5de \u00f6ppen och dold installation.\" \/>\n<meta property=\"og:url\" content=\"https:\/\/anetaprofessional.com\/se\/produkt\/sogne-xl-dim-vagglampa-svart\/\" \/>\n<meta property=\"og:site_name\" content=\"Aneta Professional\" \/>\n<meta property=\"article:modified_time\" content=\"2026-03-24T01:49:02+00:00\" \/>\n<meta property=\"og:image\" content=\"https:\/\/dbud83cwgulta.cloudfront.net\/wp-content\/uploads\/sites\/3\/2022\/07\/23192706\/gCYg4MqS2eb49ZV7mK04DruYu-1024x683.png\" \/>\n\t<meta property=\"og:image:width\" content=\"1024\" \/>\n\t<meta property=\"og:image:height\" content=\"683\" \/>\n\t<meta property=\"og:image:type\" content=\"image\/png\" \/>\n<meta name=\"twitter:card\" content=\"summary_large_image\" \/>\n<script type=\"application\/ld+json\" class=\"yoast-schema-graph\">{\"@context\":\"https:\\\/\\\/schema.org\",\"@graph\":[{\"@type\":\"WebPage\",\"@id\":\"https:\\\/\\\/anetaprofessional.com\\\/se\\\/produkt\\\/sogne-xl-dim-vagglampa-svart\\\/\",\"url\":\"https:\\\/\\\/anetaprofessional.com\\\/se\\\/produkt\\\/sogne-xl-dim-vagglampa-svart\\\/\",\"name\":\"S\u00d8GNE XL dim v\u00e4gglampa - Aneta Professional\",\"isPartOf\":{\"@id\":\"https:\\\/\\\/anetaprofessional.com\\\/se\\\/#website\"},\"primaryImageOfPage\":{\"@id\":\"https:\\\/\\\/anetaprofessional.com\\\/se\\\/produkt\\\/sogne-xl-dim-vagglampa-svart\\\/#primaryimage\"},\"image\":{\"@id\":\"https:\\\/\\\/anetaprofessional.com\\\/se\\\/produkt\\\/sogne-xl-dim-vagglampa-svart\\\/#primaryimage\"},\"thumbnailUrl\":\"https:\\\/\\\/dbud83cwgulta.cloudfront.net\\\/wp-content\\\/uploads\\\/sites\\\/3\\\/2022\\\/07\\\/23192706\\\/gCYg4MqS2eb49ZV7mK04DruYu.png\",\"datePublished\":\"2022-10-18T01:43:45+00:00\",\"dateModified\":\"2026-03-24T01:49:02+00:00\",\"breadcrumb\":{\"@id\":\"https:\\\/\\\/anetaprofessional.com\\\/se\\\/produkt\\\/sogne-xl-dim-vagglampa-svart\\\/#breadcrumb\"},\"inLanguage\":\"sv-SE\",\"potentialAction\":[{\"@type\":\"ReadAction\",\"target\":[\"https:\\\/\\\/anetaprofessional.com\\\/se\\\/produkt\\\/sogne-xl-dim-vagglampa-svart\\\/\"]}]},{\"@type\":\"ImageObject\",\"inLanguage\":\"sv-SE\",\"@id\":\"https:\\\/\\\/anetaprofessional.com\\\/se\\\/produkt\\\/sogne-xl-dim-vagglampa-svart\\\/#primaryimage\",\"url\":\"https:\\\/\\\/dbud83cwgulta.cloudfront.net\\\/wp-content\\\/uploads\\\/sites\\\/3\\\/2022\\\/07\\\/23192706\\\/gCYg4MqS2eb49ZV7mK04DruYu.png\",\"contentUrl\":\"https:\\\/\\\/dbud83cwgulta.cloudfront.net\\\/wp-content\\\/uploads\\\/sites\\\/3\\\/2022\\\/07\\\/23192706\\\/gCYg4MqS2eb49ZV7mK04DruYu.png\",\"width\":6378,\"height\":4252},{\"@type\":\"BreadcrumbList\",\"@id\":\"https:\\\/\\\/anetaprofessional.com\\\/se\\\/produkt\\\/sogne-xl-dim-vagglampa-svart\\\/#breadcrumb\",\"itemListElement\":[{\"@type\":\"ListItem\",\"position\":1,\"name\":\"Forsiden\",\"item\":\"https:\\\/\\\/anetaprofessional.com\\\/se\\\/\"},{\"@type\":\"ListItem\",\"position\":2,\"name\":\"Butik\",\"item\":\"https:\\\/\\\/anetaprofessional.com\\\/se\\\/butik\\\/\"},{\"@type\":\"ListItem\",\"position\":3,\"name\":\"S\u00d8GNE XL dim v\u00e4gglampa\"}]},{\"@type\":\"WebSite\",\"@id\":\"https:\\\/\\\/anetaprofessional.com\\\/se\\\/#website\",\"url\":\"https:\\\/\\\/anetaprofessional.com\\\/se\\\/\",\"name\":\"Aneta Professional\",\"description\":\"Skandinavias ledende lampegrossist\",\"publisher\":{\"@id\":\"https:\\\/\\\/anetaprofessional.com\\\/se\\\/#organization\"},\"potentialAction\":[{\"@type\":\"SearchAction\",\"target\":{\"@type\":\"EntryPoint\",\"urlTemplate\":\"https:\\\/\\\/anetaprofessional.com\\\/se\\\/?s={search_term_string}\"},\"query-input\":{\"@type\":\"PropertyValueSpecification\",\"valueRequired\":true,\"valueName\":\"search_term_string\"}}],\"inLanguage\":\"sv-SE\"},{\"@type\":\"Organization\",\"@id\":\"https:\\\/\\\/anetaprofessional.com\\\/se\\\/#organization\",\"name\":\"Aneta Professional\",\"url\":\"https:\\\/\\\/anetaprofessional.com\\\/se\\\/\",\"logo\":{\"@type\":\"ImageObject\",\"inLanguage\":\"sv-SE\",\"@id\":\"https:\\\/\\\/anetaprofessional.com\\\/se\\\/#\\\/schema\\\/logo\\\/image\\\/\",\"url\":\"https:\\\/\\\/dbud83cwgulta.cloudfront.net\\\/wp-content\\\/uploads\\\/sites\\\/3\\\/2022\\\/07\\\/23193840\\\/ANETA-PRO-logo-RGB_hvit.png\",\"contentUrl\":\"https:\\\/\\\/dbud83cwgulta.cloudfront.net\\\/wp-content\\\/uploads\\\/sites\\\/3\\\/2022\\\/07\\\/23193840\\\/ANETA-PRO-logo-RGB_hvit.png\",\"width\":1201,\"height\":487,\"caption\":\"Aneta Professional\"},\"image\":{\"@id\":\"https:\\\/\\\/anetaprofessional.com\\\/se\\\/#\\\/schema\\\/logo\\\/image\\\/\"}}]}<\/script>\n<!-- \/ Yoast SEO plugin. -->","yoast_head_json":{"title":"S\u00d8GNE XL dim v\u00e4gglampa - Aneta Professional","robots":{"index":"index","follow":"follow","max-snippet":"max-snippet:-1","max-image-preview":"max-image-preview:large","max-video-preview":"max-video-preview:-1"},"canonical":"https:\/\/anetaprofessional.com\/se\/produkt\/sogne-xl-dim-vagglampa-svart\/","og_locale":"sv_SE","og_type":"article","og_title":"S\u00d8GNE XL dim v\u00e4gglampa - Aneta Professional","og_description":"S\u00d8GNE-serien best\u00e5r av flera designv\u00e4ggar som kan monteras ensamma eller kombineras f\u00f6r ett helhetsintryck. S\u00d8GNE XL dim \u00e4r en vidareutveckling av S\u00d8GNE XL och \u00e4r nu dimbar och har (via en intern str\u00f6mbrytare) m\u00f6jlighet att v\u00e4lja ljusriktning (upp\/ner\/upp+ner). S\u00d8GNE XL har samma h\u00f6jd och djup som sin lillebror S\u00d8GNE, men \u00e4r bredare och ljusare! Installationsv\u00e4nlig f\u00f6r b\u00e5de \u00f6ppen och dold installation.","og_url":"https:\/\/anetaprofessional.com\/se\/produkt\/sogne-xl-dim-vagglampa-svart\/","og_site_name":"Aneta Professional","article_modified_time":"2026-03-24T01:49:02+00:00","og_image":[{"width":1024,"height":683,"url":"https:\/\/dbud83cwgulta.cloudfront.net\/wp-content\/uploads\/sites\/3\/2022\/07\/23192706\/gCYg4MqS2eb49ZV7mK04DruYu-1024x683.png","type":"image\/png"}],"twitter_card":"summary_large_image","schema":{"@context":"https:\/\/schema.org","@graph":[{"@type":"WebPage","@id":"https:\/\/anetaprofessional.com\/se\/produkt\/sogne-xl-dim-vagglampa-svart\/","url":"https:\/\/anetaprofessional.com\/se\/produkt\/sogne-xl-dim-vagglampa-svart\/","name":"S\u00d8GNE XL dim v\u00e4gglampa - Aneta Professional","isPartOf":{"@id":"https:\/\/anetaprofessional.com\/se\/#website"},"primaryImageOfPage":{"@id":"https:\/\/anetaprofessional.com\/se\/produkt\/sogne-xl-dim-vagglampa-svart\/#primaryimage"},"image":{"@id":"https:\/\/anetaprofessional.com\/se\/produkt\/sogne-xl-dim-vagglampa-svart\/#primaryimage"},"thumbnailUrl":"https:\/\/dbud83cwgulta.cloudfront.net\/wp-content\/uploads\/sites\/3\/2022\/07\/23192706\/gCYg4MqS2eb49ZV7mK04DruYu.png","datePublished":"2022-10-18T01:43:45+00:00","dateModified":"2026-03-24T01:49:02+00:00","breadcrumb":{"@id":"https:\/\/anetaprofessional.com\/se\/produkt\/sogne-xl-dim-vagglampa-svart\/#breadcrumb"},"inLanguage":"sv-SE","potentialAction":[{"@type":"ReadAction","target":["https:\/\/anetaprofessional.com\/se\/produkt\/sogne-xl-dim-vagglampa-svart\/"]}]},{"@type":"ImageObject","inLanguage":"sv-SE","@id":"https:\/\/anetaprofessional.com\/se\/produkt\/sogne-xl-dim-vagglampa-svart\/#primaryimage","url":"https:\/\/dbud83cwgulta.cloudfront.net\/wp-content\/uploads\/sites\/3\/2022\/07\/23192706\/gCYg4MqS2eb49ZV7mK04DruYu.png","contentUrl":"https:\/\/dbud83cwgulta.cloudfront.net\/wp-content\/uploads\/sites\/3\/2022\/07\/23192706\/gCYg4MqS2eb49ZV7mK04DruYu.png","width":6378,"height":4252},{"@type":"BreadcrumbList","@id":"https:\/\/anetaprofessional.com\/se\/produkt\/sogne-xl-dim-vagglampa-svart\/#breadcrumb","itemListElement":[{"@type":"ListItem","position":1,"name":"Forsiden","item":"https:\/\/anetaprofessional.com\/se\/"},{"@type":"ListItem","position":2,"name":"Butik","item":"https:\/\/anetaprofessional.com\/se\/butik\/"},{"@type":"ListItem","position":3,"name":"S\u00d8GNE XL dim v\u00e4gglampa"}]},{"@type":"WebSite","@id":"https:\/\/anetaprofessional.com\/se\/#website","url":"https:\/\/anetaprofessional.com\/se\/","name":"Aneta Professional","description":"Skandinavias ledende lampegrossist","publisher":{"@id":"https:\/\/anetaprofessional.com\/se\/#organization"},"potentialAction":[{"@type":"SearchAction","target":{"@type":"EntryPoint","urlTemplate":"https:\/\/anetaprofessional.com\/se\/?s={search_term_string}"},"query-input":{"@type":"PropertyValueSpecification","valueRequired":true,"valueName":"search_term_string"}}],"inLanguage":"sv-SE"},{"@type":"Organization","@id":"https:\/\/anetaprofessional.com\/se\/#organization","name":"Aneta Professional","url":"https:\/\/anetaprofessional.com\/se\/","logo":{"@type":"ImageObject","inLanguage":"sv-SE","@id":"https:\/\/anetaprofessional.com\/se\/#\/schema\/logo\/image\/","url":"https:\/\/dbud83cwgulta.cloudfront.net\/wp-content\/uploads\/sites\/3\/2022\/07\/23193840\/ANETA-PRO-logo-RGB_hvit.png","contentUrl":"https:\/\/dbud83cwgulta.cloudfront.net\/wp-content\/uploads\/sites\/3\/2022\/07\/23193840\/ANETA-PRO-logo-RGB_hvit.png","width":1201,"height":487,"caption":"Aneta Professional"},"image":{"@id":"https:\/\/anetaprofessional.com\/se\/#\/schema\/logo\/image\/"}}]}},"_links":{"self":[{"href":"https:\/\/anetaprofessional.com\/se\/wp-json\/wp\/v2\/product\/13102","targetHints":{"allow":["GET"]}}],"collection":[{"href":"https:\/\/anetaprofessional.com\/se\/wp-json\/wp\/v2\/product"}],"about":[{"href":"https:\/\/anetaprofessional.com\/se\/wp-json\/wp\/v2\/types\/product"}],"wp:featuredmedia":[{"embeddable":true,"href":"https:\/\/anetaprofessional.com\/se\/wp-json\/wp\/v2\/media\/14467"}],"wp:attachment":[{"href":"https:\/\/anetaprofessional.com\/se\/wp-json\/wp\/v2\/media?parent=13102"}],"wp:term":[{"taxonomy":"product_tag","embeddable":true,"href":"https:\/\/anetaprofessional.com\/se\/wp-json\/wp\/v2\/product_tag?post=13102"},{"taxonomy":"product_brand","embeddable":true,"href":"https:\/\/anetaprofessional.com\/se\/wp-json\/wp\/v2\/product_brand?post=13102"},{"taxonomy":"product_cat","embeddable":true,"href":"https:\/\/anetaprofessional.com\/se\/wp-json\/wp\/v2\/product_cat?post=13102"}],"curies":[{"name":"wp","href":"https:\/\/api.w.org\/{rel}","templated":true}]}}